{"id":404,"date":"2020-11-02T20:03:49","date_gmt":"2020-11-02T20:03:49","guid":{"rendered":"https:\/\/pravoljudski.org\/team\/"},"modified":"2025-09-22T14:20:05","modified_gmt":"2025-09-22T14:20:05","slug":"tim","status":"publish","type":"page","link":"https:\/\/pravoljudski.org\/bs\/tim\/","title":{"rendered":"Tim"},"content":{"rendered":"<div id=\"pl-404\"  class=\"panel-layout\" ><div id=\"pg-404-0\"  class=\"panel-grid panel-no-style\" ><div id=\"pgc-404-0-0\"  class=\"panel-grid-cell\" ><div id=\"panel-404-0-0-0\" class=\"widget_text so-panel widget widget_custom_html panel-first-child panel-last-child\" data-index=\"0\" ><h3 class=\"widget-title\">Tim<\/h3><div class=\"textwidget custom-html-widget\"><div class=\"team-cont\">\n<div class=\"team-single\">\n\t\t<div class=\"team-meta\">\n\t\t\t<div class=\"tm-left\">\n\t\t\t\t<h2>Kumjana Novakova<\/h2>\n\t\t\t\t<span>Kuratorica programa<\/span>\n\t\t\t\t<a href=\"mailto:kumjana@pravoljudski.org\">kumjana@pravoljudski.org<\/a>\n\t\t\t\t<a href=\"javascript:void(0)\" class=\"plj-button\">BIO<\/a>\n\t\t\t<\/div>\n\t\t\t<div class=\"tm-right\">\n\t\t\t\t<img decoding=\"async\" src=\"https:\/\/pravoljudski.org\/wp-content\/uploads\/2020\/11\/Kumjana-Novakova.jpg\"\/>\n\t\t\t<\/div>\n\t\t<\/div>\n\t\t<div class=\"team-bio\">\n\t\t\t<p>Kumjana je filmska autorica koja svoje radove temelji na istra\u017eivanjima. Radi i kao filmska kuratorica i predava\u010dica.<\/p>\n<p>Ro\u0111ena je u Jugoslaviji i zavr\u0161ila je dru\u0161tvene nauke. Godine 2006. je suosnovala Pravo Ljudski Film Festival u Sarajevu, te sada radi kao njegova glavna kuratorica. Od 2018. do 2021. godine vodila je filmski odjel Muzeja savremene umjetnosti u Skoplju.<\/p>\n<p>Kao autorica, Kumjana istra\u017euje jezike filma kroz istra\u017eivanje odnosa povezanih sa mo\u0107i, ratom, sje\u0107anjem i (ne)pripadanjem. Zanima je razvijanje strategija stvaranja zna\u010denja iz pozicije filmskog stvarala\u0161tva i njegovih potencijala kao teritorije novih kolektiviteta. Njeni radovi su prikazivani i izlagani \u0161irom svijeta.<\/p>\n\t\t\t<p>Njen film Disturbed Earth (Uznemirena zemlja, u sure\u017eiji sa G.C. Candijem) u\u0161ao je u u\u017ei izbor za dodjelu Oscara, a Doc Alliance ga je nominirao za najbolji dugometra\u017eni dokumentarac. <\/p>\n\t\t\t<p>Njen posljednji film Silence of Reason (\u0160utnja razuma) o iskustvima \u017eena koje su pre\u017eivjele seksualno nasilje i silovanje u ratu u Bosni i Hercegovini osvojio je Srce Sarajeva za ljudska prava u kategoriji dokumentarni film.<\/p>\n\t\t\t<p>\n\t\t\t\tKumjana trenutno \u017eivi na relaciji Sarajevo - Skoplje.\n\t\t\t<\/p>\n\t\t<\/div>\n\t<\/div>\n\n\t<div class=\"team-single right\">\n\t\t<div class=\"team-meta\">\n\t\t\t<div class=\"tm-left\">\n\t\t\t\t<h2>Karla Crn\u010devi\u0107<\/h2>\n\t\t\t\t<span>Kuratorica programa<\/span>\n\t\t\t\t<a href=\"mailto:programme@pravoljudski.org,\">programme@pravoljudski.org,<\/a>\n\t\t\t\t<a href=\"javascript:void(0)\" class=\"plj-button\">BIO<\/a>\n\t\t\t<\/div>\n\t\t\t<div class=\"tm-right\">\n\t\t\t\t<img decoding=\"async\" src=\"https:\/\/pravoljudski.org\/wp-content\/uploads\/2025\/09\/karlaC.jpg\"\/>\n\t\t\t<\/div>\n\t\t<\/div>\n\t\t<div class=\"team-bio\">\n\t\t\t<p>Karla Crn\u010devi\u0107 ima magisterij iz dramaturgije na Akademiji dramske umjetnosti u Zagrebu i iz filmske arhivistike na Filmskoj \u0161koli Elias Querejeta u San Sebasti\u00e1nu. Dugi niz godina radila je kao filmska i kulturna radnica u razli\u010ditim produkcijskim kontekstima. Jedna je od osniva\u010da i organizatora Kino Unseen (http:\/\/www.kinounseen.org), platforme koja se fokusira na reprezentacijske i kulturne politike, i revitalizaciju kino prostora. Njezini filmovi prikazivani su i nagra\u0111ivani u lokalnom i me\u0111unarodnom kontekstu. Zainteresirana je za memoriju kao prostor spekulacije i njen odnos s pokretnom slikom.<\/p>\n\t\t<\/div>\n\t<\/div>\n\t\n\t  <div class=\"team-single\">\n\t\t<div class=\"team-meta\">\n\t\t\t<div class=\"tm-left\">\n\t\t\t\t<h2>Vedad Bezdrob<\/h2>\n\t\t\t\t<span>Finansije<\/span>\n        <a href=\"mailto:vedad@pravoljudski.org\">vedad@pravoljudski.org<\/a>\n\t\t\t\t<a href=\"javascript:void(0)\" class=\"plj-button\">BIO<\/a>\n\t\t\t<\/div>\n\t\t\t<div class=\"tm-right\">\n\t\t\t\t<img decoding=\"async\" src=\"https:\/\/pravoljudski.org\/wp-content\/uploads\/2020\/11\/Vedad-Bezdrob.jpg\"\/>\n\t\t\t<\/div>\n\t\t<\/div>\n\t\t<div class=\"team-bio\">\n\t\t\t<p>Nakon sticanja diplome na Ekonomskom fakultetu u Sarajevu, Vedad je svoje \u010detrnaestogodi\u0161nje radno iskustvo gradio u razli\u010ditim industrijama malih i srednjih kompanija na poslovima finansija, ra\u010dunovodstva i kontrolinga. Tako\u0111e, certificirani je ra\u010dunovo\u0111a. \u010clan Udru\u017eenja Pravo Ljudski vi\u0161e od tri godine, trenutno kao voditelj odjela produkcije i finansija.<\/p>\n\t\t<\/div>\n\t<\/div>\n\n\t<div class=\"team-single right\">\n\t\t<div class=\"team-meta\">\n\t\t\t<div class=\"tm-left\">\n\t\t\t\t<h2>Lejla Huremovi\u0107<\/h2>\n\t\t\t\t<span>Koordinatorica za komunikacije i odnose sa medijima<\/span>\n\t\t\t\t<a href=\"javascript:void(0)\" class=\"plj-button\">BIO<\/a>\n\t\t\t<\/div>\n\t\t\t<div class=\"tm-right\">\n\t\t\t\t<img decoding=\"async\" src=\"https:\/\/pravoljudski.org\/wp-content\/uploads\/2023\/09\/Lejla-Huremovic-photo.jpg\"\/>\n\t\t\t<\/div>\n\t\t<\/div>\n\t\t<div class=\"team-bio\">\n\t\t\t<p>Komunikolo\u0161kinja po struci sa dugogodi\u0161njim iskustvom rada na razli\u010ditim medijskim kampanjama i odnosima sa javno\u0161\u0107u. Kroz svoj aktivisti\u010dki anga\u017eman, posljednju deceniju radi na edukaciji, ja\u010danju i podr\u0161ci LGBTIQ+ osobama, a odnedavno i kroz psihoterapijsku podr\u0161ku u Fondaciji Krila Nade.<\/p>\n\t\t<\/div>\n\t<\/div>\n\t\n\t<div class=\"team-single\">\n\t\t<div class=\"team-meta\">\n\t\t\t<div class=\"tm-left\">\n\t\t\t\t<h2>Jasmina Bajramovic - Malic<\/h2>\n\t\t\t\t<span>Urednica kataloga<\/span>\n\t\t\t\t<a href=\"javascript:void(0)\" class=\"plj-button\">BIO<\/a>\n\t\t\t<\/div>\n\t\t\t<div class=\"tm-right\">\n\t\t\t\t<img decoding=\"async\" src=\"https:\/\/pravoljudski.org\/wp-content\/uploads\/2020\/11\/Jasmina-Bajramovic.jpg\"\/>\n\t\t\t<\/div>\n\t\t<\/div>\n\t\t<div class=\"team-bio\">\n\t\t\t<p>Jasmina Bajramovi\u0107-Mali\u0107 (Sarajevo, 1987) je kourednica kataloga Pravo Ljudski Film Festivala. Posjeduje MA Knji\u017eevnosti naroda BiH i b\/h\/s jezika pri Filozofskom fakultetu u Sarajevu. Jasmina je bila \u010dlanica redakcije magazina \u0160kolegijum i (sic!). Povremeno pi\u0161e knji\u017eevnu i filmsku kritiku. Trenutno je zaposlena na Univerzitetu Sarajevo School of Science and Technology u Sarajevu.<\/p>\n\t\t<\/div>\n\t<\/div>\n\t\n\t<div class=\"team-single right\">\n\t\t<div class=\"team-meta\">\n\t\t\t<div class=\"tm-left\">\n\t\t\t\t<h2>Jusuf Hafizovi\u0107<\/h2>\n\t\t\t\t<span>Projekcionista<\/span>\n\t\t\t\t<a href=\"javascript:void(0)\" class=\"plj-button\">BIO<\/a>\n\t\t\t<\/div>\n\t\t\t<div class=\"tm-right\">\n\t\t\t\t<img decoding=\"async\" src=\"https:\/\/pravoljudski.org\/wp-content\/uploads\/2020\/11\/Jusuf-Hafizovic.jpg\"\/>\n\t\t\t<\/div>\n\t\t<\/div>\n\t\t<div class=\"team-bio\">\n\t\t\t<p>Student psihologije i psihoterapeut, koji voli film, fotografiju i muziku.<\/p>\n\t\t<\/div>\n\t<\/div>\n\n\t<div class=\"team-single\">\n\t\t<div class=\"team-meta\">\n\t\t\t<div class=\"tm-left\">\n\t\t\t\t<h2>Dejan \u0110uri\u0107<\/h2>\n\t\t\t\t<span>Front-end design developer<\/span>\n\t\t\t\t<a href=\"javascript:void(0)\" class=\"plj-button\">BIO<\/a>\n\t\t\t<\/div>\n\t\t\t<div class=\"tm-right\">\n\t\t\t\t<img decoding=\"async\" src=\"https:\/\/pravoljudski.org\/wp-content\/uploads\/2023\/09\/Dejo.jpg\"\/>\n\t\t\t<\/div>\n\t\t<\/div>\n\t\t<div class=\"team-bio\">\n\t\t\t<p>Ro\u0111en u Jugoslaviji 1986. godine, Od 2002. godine uronio u svijet programiranja i dizajna. Sa desetogodi\u0161njim iskustvom u fotografiji, pre\u0161ao je na uspje\u0161nu karijeru kao web programer i ilustrator, spajaju\u0107i tehni\u010dku vje\u0161tinu sa darom za vizuelno pripovjedanje.<\/p>\n\t\t<\/div>\n\t<\/div>\n\n<\/div>\n<\/div><\/div><\/div><\/div><\/div>","protected":false},"excerpt":{"rendered":"Tim Kumjana Novakova Kuratorica programa kumjana@pravoljudski.org BIO Kumjana je filmska autorica koja svoje radove temelji na istra\u017eivanjima. Radi i kao filmska kuratorica i predava\u010dica. Ro\u0111ena je u Jugoslaviji i zavr\u0161ila je dru\u0161tvene nauke. Godine 2006. je suosnovala Pravo Ljudski Film Festival u Sarajevu, te sada radi kao njegova glavna kuratorica. Od 2018. do 2021. godine&#8230;","protected":false},"author":1,"featured_media":0,"parent":0,"menu_order":0,"comment_status":"closed","ping_status":"closed","template":"","meta":{"_acf_changed":false,"footnotes":""},"class_list":["post-404","page","type-page","status-publish","hentry"],"acf":[],"yoast_head":"<!-- This site is optimized with the Yoast SEO plugin v25.9 - https:\/\/yoast.com\/wordpress\/plugins\/seo\/ -->\n<title>Tim - Pravo Ljudski<\/title>\n<meta name=\"robots\" content=\"index, follow, max-snippet:-1, max-image-preview:large, max-video-preview:-1\" \/>\n<link rel=\"canonical\" href=\"https:\/\/pravoljudski.org\/bs\/tim\/\" \/>\n<meta property=\"og:locale\" content=\"bs_BA\" \/>\n<meta property=\"og:type\" content=\"article\" \/>\n<meta property=\"og:title\" content=\"Tim - Pravo Ljudski\" \/>\n<meta property=\"og:description\" content=\"Tim Kumjana Novakova Kuratorica programa kumjana@pravoljudski.org BIO Kumjana je filmska autorica koja svoje radove temelji na istra\u017eivanjima. Radi i kao filmska kuratorica i predava\u010dica. Ro\u0111ena je u Jugoslaviji i zavr\u0161ila je dru\u0161tvene nauke. Godine 2006. je suosnovala Pravo Ljudski Film Festival u Sarajevu, te sada radi kao njegova glavna kuratorica. Od 2018. do 2021. godine...\" \/>\n<meta property=\"og:url\" content=\"https:\/\/pravoljudski.org\/bs\/tim\/\" \/>\n<meta property=\"og:site_name\" content=\"Pravo Ljudski\" \/>\n<meta property=\"article:publisher\" content=\"https:\/\/www.facebook.com\/PravoLjudskiFilmFestival\" \/>\n<meta property=\"article:modified_time\" content=\"2025-09-22T14:20:05+00:00\" \/>\n<meta property=\"og:image\" content=\"https:\/\/pravoljudski.org\/wp-content\/uploads\/2020\/11\/home_bg.jpg\" \/>\n\t<meta property=\"og:image:width\" content=\"1800\" \/>\n\t<meta property=\"og:image:height\" content=\"1200\" \/>\n\t<meta property=\"og:image:type\" content=\"image\/jpeg\" \/>\n<meta name=\"twitter:card\" content=\"summary_large_image\" \/>\n<meta name=\"twitter:site\" content=\"@pravoljudski\" \/>\n<meta name=\"twitter:label1\" content=\"Est. reading time\" \/>\n\t<meta name=\"twitter:data1\" content=\"4 minute\" \/>\n<script type=\"application\/ld+json\" class=\"yoast-schema-graph\">{\"@context\":\"https:\/\/schema.org\",\"@graph\":[{\"@type\":\"WebPage\",\"@id\":\"https:\/\/pravoljudski.org\/bs\/tim\/\",\"url\":\"https:\/\/pravoljudski.org\/bs\/tim\/\",\"name\":\"Tim - Pravo Ljudski\",\"isPartOf\":{\"@id\":\"https:\/\/pravoljudski.org\/bs\/#website\"},\"datePublished\":\"2020-11-02T20:03:49+00:00\",\"dateModified\":\"2025-09-22T14:20:05+00:00\",\"breadcrumb\":{\"@id\":\"https:\/\/pravoljudski.org\/bs\/tim\/#breadcrumb\"},\"inLanguage\":\"bs-BA\",\"potentialAction\":[{\"@type\":\"ReadAction\",\"target\":[\"https:\/\/pravoljudski.org\/bs\/tim\/\"]}]},{\"@type\":\"BreadcrumbList\",\"@id\":\"https:\/\/pravoljudski.org\/bs\/tim\/#breadcrumb\",\"itemListElement\":[{\"@type\":\"ListItem\",\"position\":1,\"name\":\"Home\",\"item\":\"https:\/\/pravoljudski.org\/bs\/\"},{\"@type\":\"ListItem\",\"position\":2,\"name\":\"Tim\"}]},{\"@type\":\"WebSite\",\"@id\":\"https:\/\/pravoljudski.org\/bs\/#website\",\"url\":\"https:\/\/pravoljudski.org\/bs\/\",\"name\":\"Pravo Ljudski\",\"description\":\"\",\"publisher\":{\"@id\":\"https:\/\/pravoljudski.org\/bs\/#organization\"},\"potentialAction\":[{\"@type\":\"SearchAction\",\"target\":{\"@type\":\"EntryPoint\",\"urlTemplate\":\"https:\/\/pravoljudski.org\/bs\/?s={search_term_string}\"},\"query-input\":{\"@type\":\"PropertyValueSpecification\",\"valueRequired\":true,\"valueName\":\"search_term_string\"}}],\"inLanguage\":\"bs-BA\"},{\"@type\":\"Organization\",\"@id\":\"https:\/\/pravoljudski.org\/bs\/#organization\",\"name\":\"Pravo Ljudski\",\"url\":\"https:\/\/pravoljudski.org\/bs\/\",\"logo\":{\"@type\":\"ImageObject\",\"inLanguage\":\"bs-BA\",\"@id\":\"https:\/\/pravoljudski.org\/bs\/#\/schema\/logo\/image\/\",\"url\":\"https:\/\/pravoljudski.org\/wp-content\/uploads\/2020\/11\/plj-logo.png\",\"contentUrl\":\"https:\/\/pravoljudski.org\/wp-content\/uploads\/2020\/11\/plj-logo.png\",\"width\":800,\"height\":519,\"caption\":\"Pravo Ljudski\"},\"image\":{\"@id\":\"https:\/\/pravoljudski.org\/bs\/#\/schema\/logo\/image\/\"},\"sameAs\":[\"https:\/\/www.facebook.com\/PravoLjudskiFilmFestival\",\"https:\/\/x.com\/pravoljudski\",\"https:\/\/www.instagram.com\/pravo_ljudski\/\",\"https:\/\/www.youtube.com\/user\/PravoLjudskiFF\"]}]}<\/script>\n<!-- \/ Yoast SEO plugin. -->","yoast_head_json":{"title":"Tim - Pravo Ljudski","robots":{"index":"index","follow":"follow","max-snippet":"max-snippet:-1","max-image-preview":"max-image-preview:large","max-video-preview":"max-video-preview:-1"},"canonical":"https:\/\/pravoljudski.org\/bs\/tim\/","og_locale":"bs_BA","og_type":"article","og_title":"Tim - Pravo Ljudski","og_description":"Tim Kumjana Novakova Kuratorica programa kumjana@pravoljudski.org BIO Kumjana je filmska autorica koja svoje radove temelji na istra\u017eivanjima. Radi i kao filmska kuratorica i predava\u010dica. Ro\u0111ena je u Jugoslaviji i zavr\u0161ila je dru\u0161tvene nauke. Godine 2006. je suosnovala Pravo Ljudski Film Festival u Sarajevu, te sada radi kao njegova glavna kuratorica. Od 2018. do 2021. godine...","og_url":"https:\/\/pravoljudski.org\/bs\/tim\/","og_site_name":"Pravo Ljudski","article_publisher":"https:\/\/www.facebook.com\/PravoLjudskiFilmFestival","article_modified_time":"2025-09-22T14:20:05+00:00","og_image":[{"width":1800,"height":1200,"url":"https:\/\/pravoljudski.org\/wp-content\/uploads\/2020\/11\/home_bg.jpg","type":"image\/jpeg"}],"twitter_card":"summary_large_image","twitter_site":"@pravoljudski","twitter_misc":{"Est. reading time":"4 minute"},"schema":{"@context":"https:\/\/schema.org","@graph":[{"@type":"WebPage","@id":"https:\/\/pravoljudski.org\/bs\/tim\/","url":"https:\/\/pravoljudski.org\/bs\/tim\/","name":"Tim - Pravo Ljudski","isPartOf":{"@id":"https:\/\/pravoljudski.org\/bs\/#website"},"datePublished":"2020-11-02T20:03:49+00:00","dateModified":"2025-09-22T14:20:05+00:00","breadcrumb":{"@id":"https:\/\/pravoljudski.org\/bs\/tim\/#breadcrumb"},"inLanguage":"bs-BA","potentialAction":[{"@type":"ReadAction","target":["https:\/\/pravoljudski.org\/bs\/tim\/"]}]},{"@type":"BreadcrumbList","@id":"https:\/\/pravoljudski.org\/bs\/tim\/#breadcrumb","itemListElement":[{"@type":"ListItem","position":1,"name":"Home","item":"https:\/\/pravoljudski.org\/bs\/"},{"@type":"ListItem","position":2,"name":"Tim"}]},{"@type":"WebSite","@id":"https:\/\/pravoljudski.org\/bs\/#website","url":"https:\/\/pravoljudski.org\/bs\/","name":"Pravo Ljudski","description":"","publisher":{"@id":"https:\/\/pravoljudski.org\/bs\/#organization"},"potentialAction":[{"@type":"SearchAction","target":{"@type":"EntryPoint","urlTemplate":"https:\/\/pravoljudski.org\/bs\/?s={search_term_string}"},"query-input":{"@type":"PropertyValueSpecification","valueRequired":true,"valueName":"search_term_string"}}],"inLanguage":"bs-BA"},{"@type":"Organization","@id":"https:\/\/pravoljudski.org\/bs\/#organization","name":"Pravo Ljudski","url":"https:\/\/pravoljudski.org\/bs\/","logo":{"@type":"ImageObject","inLanguage":"bs-BA","@id":"https:\/\/pravoljudski.org\/bs\/#\/schema\/logo\/image\/","url":"https:\/\/pravoljudski.org\/wp-content\/uploads\/2020\/11\/plj-logo.png","contentUrl":"https:\/\/pravoljudski.org\/wp-content\/uploads\/2020\/11\/plj-logo.png","width":800,"height":519,"caption":"Pravo Ljudski"},"image":{"@id":"https:\/\/pravoljudski.org\/bs\/#\/schema\/logo\/image\/"},"sameAs":["https:\/\/www.facebook.com\/PravoLjudskiFilmFestival","https:\/\/x.com\/pravoljudski","https:\/\/www.instagram.com\/pravo_ljudski\/","https:\/\/www.youtube.com\/user\/PravoLjudskiFF"]}]}},"_links":{"self":[{"href":"https:\/\/pravoljudski.org\/bs\/wp-json\/wp\/v2\/pages\/404","targetHints":{"allow":["GET"]}}],"collection":[{"href":"https:\/\/pravoljudski.org\/bs\/wp-json\/wp\/v2\/pages"}],"about":[{"href":"https:\/\/pravoljudski.org\/bs\/wp-json\/wp\/v2\/types\/page"}],"author":[{"embeddable":true,"href":"https:\/\/pravoljudski.org\/bs\/wp-json\/wp\/v2\/users\/1"}],"replies":[{"embeddable":true,"href":"https:\/\/pravoljudski.org\/bs\/wp-json\/wp\/v2\/comments?post=404"}],"version-history":[{"count":31,"href":"https:\/\/pravoljudski.org\/bs\/wp-json\/wp\/v2\/pages\/404\/revisions"}],"predecessor-version":[{"id":3163,"href":"https:\/\/pravoljudski.org\/bs\/wp-json\/wp\/v2\/pages\/404\/revisions\/3163"}],"wp:attachment":[{"href":"https:\/\/pravoljudski.org\/bs\/wp-json\/wp\/v2\/media?parent=404"}],"curies":[{"name":"wp","href":"https:\/\/api.w.org\/{rel}","templated":true}]}}